{"id":21,"date":"2019-02-12T10:51:42","date_gmt":"2019-02-12T09:51:42","guid":{"rendered":"http:\/\/www.cy-laser.com\/?page_id=21"},"modified":"2022-12-05T10:10:27","modified_gmt":"2022-12-05T09:10:27","slug":"azienda","status":"publish","type":"page","link":"https:\/\/www.cy-laser.com\/it\/azienda\/","title":{"rendered":"Azienda"},"content":{"rendered":"<p>[et_pb_section fb_built=&#8221;1&#8243; _builder_version=&#8221;4.16&#8243; custom_margin=&#8221;0px||0px||false|false&#8221; custom_padding=&#8221;0px||0px|||&#8221; global_colors_info=&#8221;{}&#8221;][et_pb_row column_structure=&#8221;1_2,1_2&#8243; _builder_version=&#8221;4.16&#8243; background_size=&#8221;initial&#8221; background_position=&#8221;top_left&#8221; background_repeat=&#8221;repeat&#8221; width=&#8221;95%&#8221; custom_margin=&#8221;0px||0px||false|false&#8221; custom_padding=&#8221;0px|20px|0px|20px|false|false&#8221; global_colors_info=&#8221;{}&#8221;][et_pb_column type=&#8221;1_2&#8243; _builder_version=&#8221;4.16&#8243; custom_padding=&#8221;|||&#8221; global_colors_info=&#8221;{}&#8221; custom_padding__hover=&#8221;|||&#8221;][et_pb_image src=&#8221;https:\/\/www.cy-laser.com\/wp-content\/uploads\/2020\/12\/prima-macchina-laser-in-fibra-ottica-cylaser.jpg&#8221; alt=&#8221;Primo taglio laser fibra al mondo Cy-laser&#8221; title_text=&#8221;Primo taglio laser fibra al mondo Cy-laser&#8221; _builder_version=&#8221;4.17.4&#8243; global_colors_info=&#8221;{}&#8221;][\/et_pb_image][\/et_pb_column][et_pb_column type=&#8221;1_2&#8243; _builder_version=&#8221;4.16&#8243; custom_padding=&#8221;|||&#8221; global_colors_info=&#8221;{}&#8221; custom_padding__hover=&#8221;|||&#8221;][et_pb_text _builder_version=&#8221;4.18.0&#8243; header_font=&#8221;||||||||&#8221; header_font_size=&#8221;39px&#8221; custom_margin=&#8221;3%||||false|false&#8221; custom_padding=&#8221;3%|30px|2%|30px|false|false&#8221; global_colors_info=&#8221;{}&#8221;]<\/p>\n<h1 style=\"text-transform: none; line-height: 35px;\">Cy-laser, azienda leader nella realizzazione<br \/>di sistemi per il taglio laser<br \/>in fibra ottica e per la saldatura<\/h1>\n<p>[\/et_pb_text][et_pb_divider divider_weight=&#8221;3px&#8221; _builder_version=&#8221;4.18.0&#8243; _module_preset=&#8221;default&#8221; width=&#8221;70px&#8221; module_alignment=&#8221;left&#8221; custom_padding=&#8221;|||30px|false|false&#8221; locked=&#8221;off&#8221; global_colors_info=&#8221;{}&#8221;][\/et_pb_divider][et_pb_text _builder_version=&#8221;4.18.0&#8243; header_font=&#8221;||||||||&#8221; header_font_size=&#8221;39px&#8221; custom_margin=&#8221;||||false|false&#8221; custom_padding=&#8221;|30px|2%|30px|false|false&#8221; global_colors_info=&#8221;{}&#8221;]<\/p>\n<p>L\u2019idea nasce nel 2005 in un contesto territoriale, come quello del Nord-Est Italia, ad altissima vocazione tecnologica. Il prodotto <strong>Cy-laser \u00e8<\/strong> in realt\u00e0 <strong>frutto dell\u2019esperienza trentennale<\/strong> del signor <strong>Livio Campana<\/strong>, imprenditore gi\u00e0 attivo nel settore delle macchine speciali per la saldatura, da sempre attento e incline alle possibili innovazioni e all\u2019evoluzione del proprio mercato. Una qualit\u00e0 che gli porter\u00e0 fortuna perch\u00e9 sar\u00e0 proprio grazie a questa che l\u2019imprenditore veneto <strong>giunger\u00e0 a una scoperta rivoluzionaria che far\u00e0 subito il giro del mondo e che cambier\u00e0 per sempre il mercato delle applicazioni industriali per il taglio lamiera.<\/strong><\/p>\n<p>[\/et_pb_text][\/et_pb_column][\/et_pb_row][\/et_pb_section][et_pb_section fb_built=&#8221;1&#8243; disabled_on=&#8221;on|on|off&#8221; _builder_version=&#8221;4.16&#8243; custom_margin=&#8221;0px||0px||false|false&#8221; custom_padding=&#8221;0px||0px|||&#8221; global_colors_info=&#8221;{}&#8221;][et_pb_row column_structure=&#8221;1_2,1_2&#8243; _builder_version=&#8221;4.16&#8243; background_size=&#8221;initial&#8221; background_position=&#8221;top_left&#8221; background_repeat=&#8221;repeat&#8221; width=&#8221;95%&#8221; custom_margin=&#8221;0px||0px||false|false&#8221; custom_padding=&#8221;0px|20px|0px|20px|false|false&#8221; global_colors_info=&#8221;{}&#8221;][et_pb_column type=&#8221;1_2&#8243; _builder_version=&#8221;4.16&#8243; custom_padding=&#8221;|||&#8221; global_colors_info=&#8221;{}&#8221; custom_padding__hover=&#8221;|||&#8221;][et_pb_text _builder_version=&#8221;4.18.0&#8243; header_font=&#8221;||||||||&#8221; header_font_size=&#8221;39px&#8221; custom_margin=&#8221;3%||1%||false|false&#8221; custom_padding=&#8221;3%|30px|2%|30px|false|false&#8221; global_colors_info=&#8221;{}&#8221;]<\/p>\n<p><span style=\"text-transform: none; font-size: 45px; line-height: 35px; font-weight: bold; color: #333;\">\u00c9 iniziata come una scommessa\u2026<br \/>\u00c9 diventata la tecnologia di punta<br \/>per il taglio dei metalli<\/span><\/p>\n<p>[\/et_pb_text][et_pb_divider divider_weight=&#8221;3px&#8221; _builder_version=&#8221;4.18.0&#8243; _module_preset=&#8221;default&#8221; width=&#8221;70px&#8221; module_alignment=&#8221;left&#8221; custom_padding=&#8221;|||30px|false|false&#8221; locked=&#8221;off&#8221; global_colors_info=&#8221;{}&#8221;][\/et_pb_divider][et_pb_text _builder_version=&#8221;4.18.0&#8243; header_font=&#8221;||||||||&#8221; header_font_size=&#8221;39px&#8221; custom_margin=&#8221;||1%||false|false&#8221; custom_padding=&#8221;|30px|1%|30px|false|false&#8221; global_colors_info=&#8221;{}&#8221;]<\/p>\n<p>Rientrato in Italia da un viaggio di lavoro all\u2019estero con in valigia un generatore in fibra ottica, infatti, Livio decide di effettuare alcuni test. <strong>Studia e configura delle ottiche adatte allo scopo e le fa produrre<\/strong>, convinto che questa tecnologia possa tagliare oltre che saldare (alcune esperienze sul campo l\u2019avevano convinto della possibilit\u00e0). Decide di studiare delle teste laser di commercio e, tramite reverse engineering, <strong>produce la sua prima testa taglio laser fibra ottica<\/strong> per lunghezze d\u2019onda 1070 \u019em. Decide quindi di implementare la testa su una macchina da taglio, sempre progettata da lui e <strong>il risultato \u00e8 sorprendente. Il metallo si taglia.<\/strong><\/p>\n<p>[\/et_pb_text][\/et_pb_column][et_pb_column type=&#8221;1_2&#8243; _builder_version=&#8221;4.16&#8243; custom_padding=&#8221;|||&#8221; global_colors_info=&#8221;{}&#8221; custom_padding__hover=&#8221;|||&#8221;][et_pb_image src=&#8221;https:\/\/www.cy-laser.com\/wp-content\/uploads\/2020\/05\/cy_azienda_2.jpg&#8221; alt=&#8221;prima testa taglio laser cy-laser&#8221; title_text=&#8221;prima testa taglio laser cy-laser&#8221; _builder_version=&#8221;4.18.0&#8243; global_colors_info=&#8221;{}&#8221;][\/et_pb_image][\/et_pb_column][\/et_pb_row][\/et_pb_section][et_pb_section fb_built=&#8221;1&#8243; disabled_on=&#8221;off|off|on&#8221; admin_label=&#8221;mob&#8221; _builder_version=&#8221;4.16&#8243; custom_margin=&#8221;0px||0px||false|false&#8221; custom_padding=&#8221;0px||0px|||&#8221; global_colors_info=&#8221;{}&#8221;][et_pb_row _builder_version=&#8221;4.16&#8243; background_size=&#8221;initial&#8221; background_position=&#8221;top_left&#8221; background_repeat=&#8221;repeat&#8221; width=&#8221;95%&#8221; custom_margin=&#8221;0px||0px||false|false&#8221; custom_padding=&#8221;0px|20px|0px|20px|false|false&#8221; global_colors_info=&#8221;{}&#8221;][et_pb_column type=&#8221;4_4&#8243; _builder_version=&#8221;4.16&#8243; custom_padding=&#8221;|||&#8221; global_colors_info=&#8221;{}&#8221; custom_padding__hover=&#8221;|||&#8221;][et_pb_image src=&#8221;https:\/\/www.cy-laser.com\/wp-content\/uploads\/2020\/05\/cy_azienda_2.jpg&#8221; alt=&#8221;Prima testa taglio laser cy-laser&#8221; title_text=&#8221;Prima testa taglio laser cy-laser&#8221; _builder_version=&#8221;4.18.0&#8243; global_colors_info=&#8221;{}&#8221;][\/et_pb_image][et_pb_text _builder_version=&#8221;4.17.4&#8243; text_font_size=&#8221;15px&#8221; header_font=&#8221;||||||||&#8221; header_font_size=&#8221;39px&#8221; custom_margin=&#8221;3%||1%||false|false&#8221; custom_padding=&#8221;3%|30px|1%|30px|false|false&#8221; global_colors_info=&#8221;{}&#8221;]<\/p>\n<p><span style=\"font-size: 35px; text-transform: none; line-height: 35px; font-weight: bold; color: #333;\">\u00c9 iniziata come una scommessa\u2026 <br \/>\u00c9 diventata la tecnologia di punta per il taglio dei metalli<\/span><\/p>\n<hr class=\"sep\" \/>\n<p><span style=\"font-size: 15px;\">Rientrato in Italia da un viaggio di lavoro all\u2019estero con in valigia un generatore in fibra ottica, infatti, Livio decide di effettuare alcuni test. <strong>studia e configura delle ottiche adatte allo scopo e le fa produrre<\/strong>, convinto che questa tecnologia possa tagliare oltre che saldare (alcune esperienze sul campo l\u2019avevano convinto della possibilit\u00e0). decide di studiare delle teste laser di commercio e, tramite reverse engineering, <strong>produce la sua prima testa taglio laser fibra ottica<\/strong> per lunghezze d\u2019onda 1064 \u019em. decide quindi di implementare la testa su una macchina da taglio, sempre progettata da lui e <strong>il risultato \u00e8 sorprendente. il metallo si taglia.<\/strong><\/span><\/p>\n<p>[\/et_pb_text][\/et_pb_column][\/et_pb_row][\/et_pb_section][et_pb_section fb_built=&#8221;1&#8243; _builder_version=&#8221;4.16&#8243; custom_margin=&#8221;0px||0px||false|false&#8221; custom_padding=&#8221;0px||0px|||&#8221; global_colors_info=&#8221;{}&#8221;][et_pb_row column_structure=&#8221;1_2,1_2&#8243; _builder_version=&#8221;4.16&#8243; background_size=&#8221;initial&#8221; background_position=&#8221;top_left&#8221; background_repeat=&#8221;repeat&#8221; width=&#8221;95%&#8221; custom_margin=&#8221;0px||0px||false|false&#8221; custom_padding=&#8221;0px|20px|0px|20px|false|false&#8221; global_colors_info=&#8221;{}&#8221;][et_pb_column type=&#8221;1_2&#8243; _builder_version=&#8221;4.16&#8243; custom_padding=&#8221;|||&#8221; global_colors_info=&#8221;{}&#8221; custom_padding__hover=&#8221;|||&#8221;][et_pb_image src=&#8221;https:\/\/www.cy-laser.com\/wp-content\/uploads\/2020\/05\/cy_azienda_3.jpg&#8221; alt=&#8221;Primi sistemi di taglio laser fibra ottica Cy-laser&#8221; title_text=&#8221;Primi sistemi di taglio laser fibra ottica Cy-laser&#8221; _builder_version=&#8221;4.17.4&#8243; global_colors_info=&#8221;{}&#8221;][\/et_pb_image][\/et_pb_column][et_pb_column type=&#8221;1_2&#8243; _builder_version=&#8221;4.16&#8243; custom_padding=&#8221;|||&#8221; global_colors_info=&#8221;{}&#8221; custom_padding__hover=&#8221;|||&#8221;][et_pb_text _builder_version=&#8221;4.17.4&#8243; header_font=&#8221;||||||||&#8221; header_font_size=&#8221;39px&#8221; custom_margin=&#8221;3%||1%||false|false&#8221; custom_padding=&#8221;3%|30px|1%|30px|false|false&#8221; global_colors_info=&#8221;{}&#8221;]Nasce cos\u00ec la prima macchina al mondo con tecnologia laser in fibra ottica per il taglio dei metalli che porta, alla nascita di Cy-laser. La ditta Campana Livio, che produceva e commercializzava i prodotti Cy-laser dal 2005, nel 2012 viene ufficialmente trasformata in <strong>Cy-laser<\/strong> S.r.L., societ\u00e0 snella e dinamica, in grado ben presto di <strong>diffondere in tutto il mondo l\u2019innovativa tecnologia<\/strong> attraverso una rete vendita largamente presente e dedicata, pronta a vendere i prodotti <strong>CY2D, CYTUBE<\/strong> e <strong>CYWELD<\/strong> studiati per ogni specifico mercato. Ma come per tutte le rivoluzionarie scoperte, anche quella del signor Campana non viene sin da subito accettata e compresa, tanto che dovr\u00e0 passare diverso tempo prima che l\u2019intero mercato si convinca del suo straordinario valore e inevitabilmente spinga la quasi totalit\u00e0 delle aziende concorrenti ad adottarla come <strong>tecnologia di punta.<\/strong>[\/et_pb_text][et_pb_button button_url=&#8221;@ET-DC@eyJkeW5hbWljIjp0cnVlLCJjb250ZW50IjoicG9zdF9saW5rX3VybF9wYWdlIiwic2V0dGluZ3MiOnsicG9zdF9pZCI6IjYyOSJ9fQ==@&#8221; button_text=&#8221;Scopri i sistemi per il taglio laser in fibra ottica&#8221; button_alignment=&#8221;left&#8221; _builder_version=&#8221;4.17.4&#8243; _dynamic_attributes=&#8221;button_url&#8221; _module_preset=&#8221;default&#8221; button_icon=&#8221;&#x24;||divi||400&#8243; button_on_hover=&#8221;off&#8221; custom_margin=&#8221;|||30px|false|false&#8221; custom_padding=&#8221;||||false|false&#8221; global_colors_info=&#8221;{}&#8221; button_text_color__hover=&#8221;#02d002&#8243; button_text_color__hover_enabled=&#8221;on&#8221; button_bg_color__hover=&#8221;rgba(0,0,0,0)&#8221; button_bg_color__hover_enabled=&#8221;on&#8221; button_border_color__hover=&#8221;rgba(0,0,0,0)&#8221; button_border_color__hover_enabled=&#8221;on&#8221; button_border_radius__hover=&#8221;0px&#8221; button_border_radius__hover_enabled=&#8221;on&#8221; button_letter_spacing__hover=&#8221;1px&#8221; button_letter_spacing__hover_enabled=&#8221;on&#8221;][\/et_pb_button][\/et_pb_column][\/et_pb_row][\/et_pb_section][et_pb_section fb_built=&#8221;1&#8243; disabled_on=&#8221;on|on|off&#8221; _builder_version=&#8221;4.16&#8243; custom_margin=&#8221;0px||0px||false|false&#8221; custom_padding=&#8221;0px||0px|||&#8221; global_colors_info=&#8221;{}&#8221;][et_pb_row column_structure=&#8221;1_2,1_2&#8243; _builder_version=&#8221;4.16&#8243; background_size=&#8221;initial&#8221; background_position=&#8221;top_left&#8221; background_repeat=&#8221;repeat&#8221; width=&#8221;95%&#8221; custom_margin=&#8221;0px||0px||false|false&#8221; custom_padding=&#8221;0px|20px|0px|20px|false|false&#8221; global_colors_info=&#8221;{}&#8221;][et_pb_column type=&#8221;1_2&#8243; _builder_version=&#8221;4.16&#8243; custom_padding=&#8221;|||&#8221; global_colors_info=&#8221;{}&#8221; custom_padding__hover=&#8221;|||&#8221;][et_pb_text _builder_version=&#8221;4.17.4&#8243; header_font=&#8221;||||||||&#8221; header_font_size=&#8221;39px&#8221; custom_margin=&#8221;3%||1%||false|false&#8221; custom_padding=&#8221;3%|30px|1%|30px|false|false&#8221; global_colors_info=&#8221;{}&#8221;]<\/p>\n<p>Oggi, dopo <strong>centinaia di installazioni<\/strong> e svariati anni di duro lavoro che hanno visto <strong>Martina e Federico Campana<\/strong>, figli di Livio, prendere egregiamente il posto del padre alla direzione dell\u2019azienda, <strong>Cy-laser <\/strong>continua a confermarsi tra le<strong> aziende leader <\/strong>di mercato, su scala mondiale,<strong> nella realizzazione e nella fornitura di sistemi per il taglio laser in fibra ottica e per la saldatura<\/strong>. Le sue soluzioni personalizzate di automazione e movimentazione pezzi rimangono tra le pi\u00f9 richieste e contribuiscono al <strong>raggiungimento di livelli di produttivit\u00e0 mai visti prima<\/strong>. Non solo, la scelta di Martina e Federico di affidarsi a fornitori e a collaboratori di fiducia \u201clocali\u201d, orientata quindi a una <strong>politica aziendale focalizzata sul \u201cMade in Italy\u201d<\/strong>, \u00e8 risultata vincente, soprattutto in termini di <strong>qualit\u00e0 delle materie prime utilizzate.<\/strong><br \/>Queste e molte altre le caratteristiche che il padre Livio ha trasmesso ai figli.<\/p>\n<p>[\/et_pb_text][\/et_pb_column][et_pb_column type=&#8221;1_2&#8243; _builder_version=&#8221;4.16&#8243; custom_padding=&#8221;|||&#8221; global_colors_info=&#8221;{}&#8221; custom_padding__hover=&#8221;|||&#8221;][et_pb_image src=&#8221;https:\/\/www.cy-laser.com\/wp-content\/uploads\/2020\/05\/cy_azienda_4.jpg&#8221; alt=&#8221;Cy-laser headquarter &#8221; title_text=&#8221;Cy-laser headquarter &#8221; _builder_version=&#8221;4.17.4&#8243; global_colors_info=&#8221;{}&#8221;][\/et_pb_image][\/et_pb_column][\/et_pb_row][\/et_pb_section][et_pb_section fb_built=&#8221;1&#8243; disabled_on=&#8221;off|off|on&#8221; _builder_version=&#8221;4.16&#8243; custom_margin=&#8221;0px||0px||false|false&#8221; custom_padding=&#8221;0px||0px|||&#8221; global_colors_info=&#8221;{}&#8221;][et_pb_row _builder_version=&#8221;4.16&#8243; background_size=&#8221;initial&#8221; background_position=&#8221;top_left&#8221; background_repeat=&#8221;repeat&#8221; width=&#8221;95%&#8221; custom_margin=&#8221;0px||0px||false|false&#8221; custom_padding=&#8221;0px|20px|0px|20px|false|false&#8221; global_colors_info=&#8221;{}&#8221;][et_pb_column type=&#8221;4_4&#8243; _builder_version=&#8221;4.16&#8243; custom_padding=&#8221;|||&#8221; global_colors_info=&#8221;{}&#8221; custom_padding__hover=&#8221;|||&#8221;][et_pb_image src=&#8221;https:\/\/www.cy-laser.com\/wp-content\/uploads\/2020\/05\/cy_azienda_4.jpg&#8221; alt=&#8221;Cy-laser headquarter&#8221; title_text=&#8221;Cy-laser headquarter&#8221; _builder_version=&#8221;4.17.4&#8243; global_colors_info=&#8221;{}&#8221;][\/et_pb_image][et_pb_text _builder_version=&#8221;4.16&#8243; text_font_size=&#8221;15px&#8221; header_font=&#8221;||||||||&#8221; header_font_size=&#8221;39px&#8221; custom_margin=&#8221;3%||1%||false|false&#8221; custom_padding=&#8221;3%|30px|1%|30px|false|false&#8221; global_colors_info=&#8221;{}&#8221;]<\/p>\n<p><span style=\"font-size: 15px;\">Oggi, dopo <strong>centinaia di installazioni<\/strong> e svariati anni di duro lavoro che hanno visto <strong>Martina e Federico Campana<\/strong>, figli di Livio, prendere egregiamente il posto del padre alla direzione dell\u2019azienda, <strong>CYLASER continua a confermarsi tra le aziende leader di mercato, su scala mondiale, nella realizzazione e nella fornitura di sistemi per il taglio laser in fibra ottica e per la saldatura<\/strong>. Le sue soluzioni personalizzate di automazione e movimentazione pezzi rimangono tra le pi\u00f9 richieste e contribuiscono al <strong>raggiungimento di livelli di produttivit\u00e0 mai visti prima<\/strong>. Non solo, la scelta di Martina e Federico di affidarsi a fornitori e a collaboratori di fiducia \u201clocali\u201d, orientata quindi a una <strong>politica aziendale focalizzata sul \u201cMade in Italy\u201d<\/strong>, \u00e8 risultata vincente, soprattutto in termini di qualit\u00e0 delle materie prime utilizzate.<br \/>Queste e molte altre le caratteristiche che il padre Livio ha trasmesso ai figli.<br \/><\/span><\/p>\n<p>[\/et_pb_text][\/et_pb_column][\/et_pb_row][\/et_pb_section][et_pb_section fb_built=&#8221;1&#8243; admin_label=&#8221;Box presentazione amministratori Martina&#8221; _builder_version=&#8221;4.17.4&#8243; custom_margin=&#8221;0px||0px||false|false&#8221; custom_padding=&#8221;0px||0px|||&#8221; global_colors_info=&#8221;{}&#8221;][et_pb_row column_structure=&#8221;1_2,1_2&#8243; _builder_version=&#8221;4.16&#8243; background_size=&#8221;initial&#8221; background_position=&#8221;top_left&#8221; background_repeat=&#8221;repeat&#8221; width=&#8221;95%&#8221; custom_margin=&#8221;0px||0px||false|false&#8221; custom_padding=&#8221;0px|20px|0px|20px|false|false&#8221; global_colors_info=&#8221;{}&#8221;][et_pb_column type=&#8221;1_2&#8243; _builder_version=&#8221;4.16&#8243; custom_padding=&#8221;|||&#8221; global_colors_info=&#8221;{}&#8221; custom_padding__hover=&#8221;|||&#8221;][et_pb_image src=&#8221;https:\/\/www.cy-laser.com\/wp-content\/uploads\/2022\/06\/martina-campana-cy-laser.jpg&#8221; alt=&#8221;Martina Campana amministratore delegato Cy-laser&#8221; title_text=&#8221;Martina Campana amministratore delegato Cy-laser&#8221; _builder_version=&#8221;4.17.4&#8243; global_colors_info=&#8221;{}&#8221;][\/et_pb_image][\/et_pb_column][et_pb_column type=&#8221;1_2&#8243; _builder_version=&#8221;4.16&#8243; custom_padding=&#8221;|||&#8221; global_colors_info=&#8221;{}&#8221; custom_padding__hover=&#8221;|||&#8221;][et_pb_text _builder_version=&#8221;4.18.0&#8243; header_font=&#8221;||||||||&#8221; header_font_size=&#8221;39px&#8221; custom_margin=&#8221;3%||1%||false|false&#8221; custom_padding=&#8221;3%|30px|1%|30px|false|false&#8221; global_colors_info=&#8221;{}&#8221;]<\/p>\n<h2>Martina Campana<\/h2>\n<h4>Amministratore Delegato Cy-laser Srl<\/h4>\n<p>[\/et_pb_text][et_pb_divider divider_weight=&#8221;3px&#8221; _builder_version=&#8221;4.18.0&#8243; _module_preset=&#8221;default&#8221; width=&#8221;70px&#8221; module_alignment=&#8221;left&#8221; custom_padding=&#8221;|||30px|false|false&#8221; locked=&#8221;off&#8221; global_colors_info=&#8221;{}&#8221;][\/et_pb_divider][et_pb_text _builder_version=&#8221;4.18.0&#8243; header_font=&#8221;||||||||&#8221; header_font_size=&#8221;39px&#8221; custom_margin=&#8221;||1%||false|false&#8221; custom_padding=&#8221;|30px|1%|30px|false|false&#8221; global_colors_info=&#8221;{}&#8221;]<\/p>\n<p>Alla guida di Cy-laser con il fratello Federico, <strong>Martina Campana<\/strong> ricopre un ruolo fondamentale e prezioso, soprattutto in un mercato prevalentemente maschile. La sua <strong>esperienza in ambito contabile e amministrativo<\/strong> ha sin da subito guidato l\u2019azienda verso obiettivi ambiziosi e concreti. Certa che il successo sia sempre frutto di sacrifici e impegno, Martina crede fortemente nel lavoro di squadra e in un <strong>team guidato da onest\u00e0 e passione.<\/strong><\/p>\n<p>[\/et_pb_text][\/et_pb_column][\/et_pb_row][\/et_pb_section][et_pb_section fb_built=&#8221;1&#8243; admin_label=&#8221;Box presentazione amministratori Federico&#8221; _builder_version=&#8221;4.17.4&#8243; custom_margin=&#8221;0px||0px||false|false&#8221; custom_padding=&#8221;0px||0px|||&#8221; global_colors_info=&#8221;{}&#8221;][et_pb_row column_structure=&#8221;1_2,1_2&#8243; _builder_version=&#8221;4.16&#8243; background_size=&#8221;initial&#8221; background_position=&#8221;top_left&#8221; background_repeat=&#8221;repeat&#8221; width=&#8221;95%&#8221; custom_margin=&#8221;0px||0px||false|false&#8221; custom_padding=&#8221;0px|20px|0px|20px|false|false&#8221; global_colors_info=&#8221;{}&#8221;][et_pb_column type=&#8221;1_2&#8243; _builder_version=&#8221;4.16&#8243; custom_padding=&#8221;|||&#8221; global_colors_info=&#8221;{}&#8221; custom_padding__hover=&#8221;|||&#8221;][et_pb_text _builder_version=&#8221;4.18.0&#8243; header_font=&#8221;||||||||&#8221; header_font_size=&#8221;39px&#8221; custom_margin=&#8221;3%||1%||false|false&#8221; custom_padding=&#8221;3%|30px|1%|30px|false|false&#8221; global_colors_info=&#8221;{}&#8221;]<\/p>\n<h2>Federico Campana<\/h2>\n<h4>Amministratore Delegato Cy-laser Srl<\/h4>\n<p>[\/et_pb_text][et_pb_divider divider_weight=&#8221;3px&#8221; _builder_version=&#8221;4.18.0&#8243; _module_preset=&#8221;default&#8221; width=&#8221;70px&#8221; module_alignment=&#8221;left&#8221; custom_padding=&#8221;|||30px|false|false&#8221; locked=&#8221;off&#8221; global_colors_info=&#8221;{}&#8221;][\/et_pb_divider][et_pb_text _builder_version=&#8221;4.18.0&#8243; header_font=&#8221;||||||||&#8221; header_font_size=&#8221;39px&#8221; custom_margin=&#8221;||1%||false|false&#8221; custom_padding=&#8221;|30px|1%|30px|false|false&#8221; global_colors_info=&#8221;{}&#8221;]<\/p>\n<p>Al fianco della sorella nella direzione di Cy-laser, <strong>Federico Campana<\/strong> vanta una<strong> lunga esperienza di tecnico<\/strong>, tramutatasi negli anni in un enorme valore aggiunto per l\u2019azienda. Con il suo prezioso supporto e il suo approccio tecnico commerciale, il team di Ricerca e Sviluppo ha messo a punto costantemente <strong>nuove soluzioni e progetti<\/strong> che hanno reso i sistemi di taglio laser fibra sempre pi\u00f9 performanti e all\u2019avanguardia.<\/p>\n<p>[\/et_pb_text][\/et_pb_column][et_pb_column type=&#8221;1_2&#8243; _builder_version=&#8221;4.16&#8243; custom_padding=&#8221;|||&#8221; global_colors_info=&#8221;{}&#8221; custom_padding__hover=&#8221;|||&#8221;][et_pb_image src=&#8221;https:\/\/www.cy-laser.com\/wp-content\/uploads\/2022\/06\/federico-campana-cy-laser.jpg&#8221; alt=&#8221;Federico Campana amministratore delegato Cy-laser&#8221; title_text=&#8221;Federico Campana amministratore delegato Cy-laser&#8221; _builder_version=&#8221;4.17.4&#8243; global_colors_info=&#8221;{}&#8221;][\/et_pb_image][\/et_pb_column][\/et_pb_row][\/et_pb_section][et_pb_section fb_built=&#8221;1&#8243; _builder_version=&#8221;4.16&#8243; custom_margin=&#8221;0px||0px||false|false&#8221; custom_padding=&#8221;0px||0px|||&#8221; global_colors_info=&#8221;{}&#8221;][et_pb_row column_structure=&#8221;1_2,1_2&#8243; _builder_version=&#8221;4.16&#8243; background_size=&#8221;initial&#8221; background_position=&#8221;top_left&#8221; background_repeat=&#8221;repeat&#8221; width=&#8221;95%&#8221; custom_margin=&#8221;0px||0px||false|false&#8221; custom_padding=&#8221;0px|20px|0px|20px|false|false&#8221; global_colors_info=&#8221;{}&#8221;][et_pb_column type=&#8221;1_2&#8243; _builder_version=&#8221;4.16&#8243; custom_padding=&#8221;|||&#8221; global_colors_info=&#8221;{}&#8221; custom_padding__hover=&#8221;|||&#8221;][et_pb_image src=&#8221;https:\/\/www.cy-laser.com\/wp-content\/uploads\/2020\/05\/cy_azienda_definitivo.jpg&#8221; alt=&#8221;Il team di Cy-laser&#8221; title_text=&#8221;Il team di Cy-laser&#8221; _builder_version=&#8221;4.17.4&#8243; global_colors_info=&#8221;{}&#8221;][\/et_pb_image][\/et_pb_column][et_pb_column type=&#8221;1_2&#8243; _builder_version=&#8221;4.16&#8243; custom_padding=&#8221;|||&#8221; global_colors_info=&#8221;{}&#8221; custom_padding__hover=&#8221;|||&#8221;][et_pb_text _builder_version=&#8221;4.17.4&#8243; header_font=&#8221;||||||||&#8221; header_font_size=&#8221;39px&#8221; custom_margin=&#8221;3%||1%||false|false&#8221; custom_padding=&#8221;3%|30px|1%|30px|false|false&#8221; global_colors_info=&#8221;{}&#8221;]<\/p>\n<p>Da una vocazione particolare, quasi maniacale, alla<strong> ricerca e allo sviluppo di nuove tecnologie<\/strong>, a un\u2019attenzione e<strong> un impegno <\/strong>costanti<strong> nel proprio territorio<\/strong> attraverso la messa in atto di azioni di<strong>\u00a0responsabilit\u00e0 sociale<\/strong>, a soprattutto un <strong>legame molto forte e onesto con i propri dipendenti<\/strong> che lavorano in ambienti sereni e rispettosi e che, con la loro professionalit\u00e0, competenza e devozione, rappresentano il<strong> bene pi\u00f9 prezioso e costituiscono un team vincente, sia all\u2019interno che all\u2019esterno dell\u2019azienda.<\/strong><\/p>\n<p>[\/et_pb_text][\/et_pb_column][\/et_pb_row][\/et_pb_section][et_pb_section fb_built=&#8221;1&#8243; _builder_version=&#8221;4.16&#8243; custom_margin=&#8221;0px||0px||false|false&#8221; custom_padding=&#8221;0px||0px|||&#8221; global_colors_info=&#8221;{}&#8221;][et_pb_row _builder_version=&#8221;4.16&#8243; background_size=&#8221;initial&#8221; background_position=&#8221;top_left&#8221; background_repeat=&#8221;repeat&#8221; width=&#8221;95%&#8221; custom_margin=&#8221;0px||0px||false|false&#8221; custom_padding=&#8221;0px|20px|0px|20px|false|false&#8221; global_colors_info=&#8221;{}&#8221;][et_pb_column type=&#8221;4_4&#8243; _builder_version=&#8221;4.16&#8243; custom_padding=&#8221;|||&#8221; global_colors_info=&#8221;{}&#8221; custom_padding__hover=&#8221;|||&#8221;][et_pb_image src=&#8221;https:\/\/www.cy-laser.com\/wp-content\/uploads\/2020\/05\/adv.jpg&#8221; alt=&#8221;Cy-laser scopre la fibra ottica per il taglio dei metalli&#8221; title_text=&#8221;Cy-laser scopre la fibra ottica per il taglio dei metalli&#8221; _builder_version=&#8221;4.17.4&#8243; global_colors_info=&#8221;{}&#8221;][\/et_pb_image][\/et_pb_column][\/et_pb_row][\/et_pb_section][et_pb_section fb_built=&#8221;1&#8243; _builder_version=&#8221;4.16&#8243; background_enable_color=&#8221;off&#8221; custom_padding=&#8221;0px||0px||false|false&#8221; global_colors_info=&#8221;{}&#8221;][et_pb_row _builder_version=&#8221;4.16&#8243; custom_margin=&#8221;||1px||false|false&#8221; custom_padding=&#8221;5%||1px||false|false&#8221; global_colors_info=&#8221;{}&#8221;][et_pb_column type=&#8221;4_4&#8243; _builder_version=&#8221;4.16&#8243; global_colors_info=&#8221;{}&#8221;][et_pb_text _builder_version=&#8221;4.17.4&#8243; text_orientation=&#8221;center&#8221; custom_padding=&#8221;||||false|false&#8221; global_colors_info=&#8221;{}&#8221;]<span style=\"font-size: 35px; text-transform: none; line-height: 35px; font-weight: bold; color: #333;\">I NUMERI<\/span><\/p>\n<hr class=\"sep_b\" \/>[\/et_pb_text][\/et_pb_column][\/et_pb_row][et_pb_row column_structure=&#8221;1_3,1_3,1_3&#8243; use_custom_gutter=&#8221;on&#8221; _builder_version=&#8221;4.16&#8243; background_enable_color=&#8221;off&#8221; width=&#8221;50%&#8221; max_width=&#8221;50%&#8221; module_alignment=&#8221;center&#8221; custom_padding=&#8221;||0px||false|false&#8221; use_custom_width=&#8221;on&#8221; width_unit=&#8221;off&#8221; custom_width_percent=&#8221;50%&#8221; global_colors_info=&#8221;{}&#8221;][et_pb_column type=&#8221;1_3&#8243; _builder_version=&#8221;4.16&#8243; custom_padding=&#8221;|||&#8221; global_colors_info=&#8221;{}&#8221; custom_padding__hover=&#8221;|||&#8221;][et_pb_number_counter title=&#8221;anno&#8221; number=&#8221;2004&#8243; percent_sign=&#8221;off&#8221; _builder_version=&#8221;4.16&#8243; title_level=&#8221;h4&#8243; number_text_color=&#8221;#1b1b1b&#8221; number_font_size=&#8221;40&#8243; global_colors_info=&#8221;{}&#8221;][\/et_pb_number_counter][\/et_pb_column][et_pb_column type=&#8221;1_3&#8243; _builder_version=&#8221;4.16&#8243; custom_padding=&#8221;|||&#8221; global_colors_info=&#8221;{}&#8221; custom_padding__hover=&#8221;|||&#8221;][et_pb_number_counter title=&#8221;collaboratori&#8221; number=&#8221;80&#8243; percent_sign=&#8221;off&#8221; _builder_version=&#8221;4.16&#8243; title_level=&#8221;h4&#8243; title_text_color=&#8221;#146db7&#8243; number_font_size=&#8221;40&#8243; global_colors_info=&#8221;{}&#8221;][\/et_pb_number_counter][\/et_pb_column][et_pb_column type=&#8221;1_3&#8243; _builder_version=&#8221;4.16&#8243; custom_padding=&#8221;|||&#8221; global_colors_info=&#8221;{}&#8221; custom_padding__hover=&#8221;|||&#8221;][et_pb_number_counter title=&#8221;sedi&#8221; number=&#8221;5&#8243; percent_sign=&#8221;off&#8221; _builder_version=&#8221;4.16&#8243; title_level=&#8221;h4&#8243; title_text_color=&#8221;#1b1b1b&#8221; number_text_color=&#8221;#1b1b1b&#8221; number_font_size=&#8221;40&#8243; global_colors_info=&#8221;{}&#8221;][\/et_pb_number_counter][\/et_pb_column][\/et_pb_row][et_pb_row column_structure=&#8221;1_4,1_4,1_4,1_4&#8243; _builder_version=&#8221;4.16&#8243; background_enable_color=&#8221;off&#8221; width=&#8221;50%&#8221; max_width=&#8221;50%&#8221; custom_padding=&#8221;||5%||false|false&#8221; use_custom_width=&#8221;on&#8221; width_unit=&#8221;off&#8221; custom_width_percent=&#8221;50%&#8221; global_colors_info=&#8221;{}&#8221;][et_pb_column type=&#8221;1_4&#8243; _builder_version=&#8221;4.16&#8243; custom_padding=&#8221;|||&#8221; global_colors_info=&#8221;{}&#8221; custom_padding__hover=&#8221;|||&#8221;][et_pb_number_counter title=&#8221;fornitori&#8221; number=&#8221;+30&#8243; percent_sign=&#8221;off&#8221; _builder_version=&#8221;4.16&#8243; title_level=&#8221;h4&#8243; title_text_color=&#8221;#146db7&#8243; number_font_size=&#8221;40&#8243; global_colors_info=&#8221;{}&#8221;][\/et_pb_number_counter][\/et_pb_column][et_pb_column type=&#8221;1_4&#8243; _builder_version=&#8221;4.16&#8243; custom_padding=&#8221;|||&#8221; global_colors_info=&#8221;{}&#8221; custom_padding__hover=&#8221;|||&#8221;][et_pb_number_counter title=&#8221;installazioni&#8221; number=&#8221;+300&#8243; percent_sign=&#8221;off&#8221; _builder_version=&#8221;4.16&#8243; title_level=&#8221;h4&#8243; number_text_color=&#8221;#1b1b1b&#8221; number_font_size=&#8221;40&#8243; global_colors_info=&#8221;{}&#8221;][\/et_pb_number_counter][\/et_pb_column][et_pb_column type=&#8221;1_4&#8243; _builder_version=&#8221;4.16&#8243; custom_padding=&#8221;|||&#8221; global_colors_info=&#8221;{}&#8221; custom_padding__hover=&#8221;|||&#8221;][et_pb_number_counter title=&#8221;brevetti&#8221; number=&#8221;10&#8243; percent_sign=&#8221;off&#8221; _builder_version=&#8221;4.16&#8243; title_level=&#8221;h4&#8243; title_text_color=&#8221;#146db7&#8243; number_font_size=&#8221;40&#8243; global_colors_info=&#8221;{}&#8221;][\/et_pb_number_counter][\/et_pb_column][et_pb_column type=&#8221;1_4&#8243; _builder_version=&#8221;4.16&#8243; custom_padding=&#8221;|||&#8221; global_colors_info=&#8221;{}&#8221; custom_padding__hover=&#8221;|||&#8221;][et_pb_number_counter title=&#8221;paesi&#8221; number=&#8221;12&#8243; percent_sign=&#8221;off&#8221; _builder_version=&#8221;4.16&#8243; title_level=&#8221;h4&#8243; title_text_color=&#8221;#1b1b1b&#8221; number_text_color=&#8221;#1b1b1b&#8221; number_font_size=&#8221;40&#8243; global_colors_info=&#8221;{}&#8221;][\/et_pb_number_counter][\/et_pb_column][\/et_pb_row][\/et_pb_section][et_pb_section fb_built=&#8221;1&#8243; _builder_version=&#8221;4.16&#8243; background_enable_color=&#8221;off&#8221; background_image=&#8221;https:\/\/www.cy-laser.com\/wp-content\/uploads\/2019\/09\/IMG-WORLDWIDE.jpg&#8221; background_size=&#8221;initial&#8221; min_height=&#8221;500px&#8221; height=&#8221;755px&#8221; max_height=&#8221;755px&#8221; global_colors_info=&#8221;{}&#8221;][et_pb_row _builder_version=&#8221;4.16&#8243; custom_padding=&#8221;3%||||false|false&#8221; global_colors_info=&#8221;{}&#8221;][et_pb_column type=&#8221;4_4&#8243; _builder_version=&#8221;4.16&#8243; global_colors_info=&#8221;{}&#8221;][et_pb_text _builder_version=&#8221;4.18.0&#8243; text_line_height=&#8221;1em&#8221; background_layout=&#8221;dark&#8221; global_colors_info=&#8221;{}&#8221;]<\/p>\n<h1 style=\"font-size: 45px; text-transform: none; line-height: 40px; text-align: center;\">Cy-laser worldwide<\/h1>\n<hr class=\"sep_c\" \/>\n<p style=\"text-align: center;\">Cy-laser \u00e8 presente nei maggiori distretti industriali meccanici e a pi\u00f9 alta vocazione innovativa.<br \/>Questo assicura una presenza capillare ai nostri tecnici<br \/>che possono cos\u00ec rispondere tempestivamente a tutte le esigenze dei clienti.<\/p>\n<p>[\/et_pb_text][\/et_pb_column][\/et_pb_row][\/et_pb_section][et_pb_section fb_built=&#8221;1&#8243; _builder_version=&#8221;4.16&#8243; custom_padding=&#8221;0px||0px|||&#8221; global_colors_info=&#8221;{}&#8221;][et_pb_row _builder_version=&#8221;4.16&#8243; background_size=&#8221;initial&#8221; background_position=&#8221;top_left&#8221; background_repeat=&#8221;repeat&#8221; width=&#8221;95%&#8221; custom_padding=&#8221;4%|20px|4%|20px|false|false&#8221; global_colors_info=&#8221;{}&#8221;][et_pb_column type=&#8221;4_4&#8243; _builder_version=&#8221;4.16&#8243; custom_padding=&#8221;|||&#8221; global_colors_info=&#8221;{}&#8221; custom_padding__hover=&#8221;|||&#8221;][et_pb_text _builder_version=&#8221;4.18.0&#8243; text_line_height=&#8221;1em&#8221; header_font_size=&#8221;39px&#8221; text_orientation=&#8221;center&#8221; custom_padding=&#8221;||||false|false&#8221; global_colors_info=&#8221;{}&#8221;]<\/p>\n<h1 style=\"font-size: 45px; text-transform: none; line-height: 40px;\">Perch\u00e8 scegliere Cy-laser<\/h1>\n<hr class=\"sep_c\" \/>\n<p>Tra le tre categorie associate alla tecnologia laser, Fibra, CO<sub>2 <\/sub>e Nd:YAG,<br \/>la fibra ottica offre delle potenzialit\u00e0 uniche che ben si prestano ad un\u2019ampia gamma di applicazioni innovative.<\/p>\n<p><strong>I principali vantaggi derivanti dall\u2019utilizzo di fonti laser fibra sono:<\/strong><br \/>radicale semplificazione dell\u2019architettura della sorgente;<br \/>consumo energetico estremamente ridotto con conseguente diminuzione dei costi di esercizio e di investimento iniziale;<br \/>grado di controllo ed efficienza dell\u2019impianto estremante elevato.<\/p>\n<p>Con centinaia di installazioni in tutto il mondo, Cy-laser \u00e8 dal 2004 in prima linea<br \/>nella produzione e commercializzazione di impianti industriali per il taglio laser fibra.<\/p>\n<p>&nbsp;<\/p>\n<p>[\/et_pb_text][\/et_pb_column][\/et_pb_row][\/et_pb_section][et_pb_section fb_built=&#8221;1&#8243; fullwidth=&#8221;on&#8221; disabled_on=&#8221;off|off|off&#8221; _builder_version=&#8221;4.16&#8243; background_image=&#8221;https:\/\/www.cy-laser.com\/wp-content\/uploads\/2019\/09\/IMG-LUPO.jpg&#8221; global_colors_info=&#8221;{}&#8221;][et_pb_fullwidth_header button_two_text=&#8221;Scopri Cy-sport&#8221; button_two_url=&#8221;\/cy-sport\/&#8221; _builder_version=&#8221;4.17.4&#8243; _dynamic_attributes=&#8221;link_option_url&#8221; background_enable_color=&#8221;off&#8221; background_enable_image=&#8221;off&#8221; custom_padding=&#8221;10%||10%||false|false&#8221; link_option_url=&#8221;@ET-DC@eyJkeW5hbWljIjp0cnVlLCJjb250ZW50IjoicG9zdF9saW5rX3VybF9wYWdlIiwic2V0dGluZ3MiOnsicG9zdF9pZCI6IjY5NDcifX0=@&#8221; link_option_url_new_window=&#8221;on&#8221; global_colors_info=&#8221;{}&#8221;]<\/p>\n<p><img loading=\"lazy\" decoding=\"async\" class=\"alignnone size-full wp-image-1082\" src=\"https:\/\/www.cy-laser.com\/wp-content\/uploads\/2019\/02\/cy_azienda_logocysport.png\" alt=\"\" width=\"300\" height=\"48\" style=\"margin-bottom: 10px;\" \/><br \/><span style=\"font-size: 49px; font-weight: bolder;\">Brave spirit, iron soul<\/span><\/p>\n<hr class=\"sep\" \/>\n<p>Cy-laser \u00e8 per vocazione vicina al mondo dello sport: una mentalit\u00e0 competitiva che porta ad affrontare tutte le sfide<br \/>con lo stesso rigore, la programmazione e la determinazione che ogni sportivo mette nel momento della preparazione e,<br \/>ancor di pi\u00f9, in gara. Inserite nel tessuto locale, le sponsorship Cy-laser sono l&#8217;esempio di come l&#8217;unione di impresa<br \/>e sport riesca a creare un circolo virtuoso e vincente.<\/p>\n<p>[\/et_pb_fullwidth_header][\/et_pb_section]<\/p>\n","protected":false},"excerpt":{"rendered":"<p>Si deve a Cy-laser la rivoluzionaria scoperta della fibra ottica per il taglio dei metalli e la nascita del primo taglio laser fibra al mondo<\/p>\n","protected":false},"author":2,"featured_media":6232,"parent":0,"menu_order":0,"comment_status":"closed","ping_status":"open","template":"","meta":{"_acf_changed":false,"_et_pb_use_builder":"on","_et_pb_old_content":"","_et_gb_content_width":"","footnotes":""},"acf":[],"yoast_head":"<!-- This site is optimized with the Yoast SEO plugin v23.5 - https:\/\/yoast.com\/wordpress\/plugins\/seo\/ -->\n<title>Cy-laser produce sistemi di taglio laser a fibra ottica<\/title>\n<meta name=\"description\" content=\"Si deve a Cy-laser la rivoluzionaria scoperta della fibra ottica per il taglio dei metalli e la nascita del primo taglio laser fibra al mondo\" \/>\n<meta name=\"robots\" content=\"index, follow, max-snippet:-1, max-image-preview:large, max-video-preview:-1\" \/>\n<link rel=\"canonical\" href=\"https:\/\/www.cy-laser.com\/it\/azienda\/\" \/>\n<meta property=\"og:locale\" content=\"it_IT\" \/>\n<meta property=\"og:type\" content=\"article\" \/>\n<meta property=\"og:title\" content=\"Cy-laser produce sistemi di taglio laser a fibra ottica\" \/>\n<meta property=\"og:description\" content=\"Si deve a Cy-laser la rivoluzionaria scoperta della fibra ottica per il taglio dei metalli e la nascita del primo taglio laser fibra al mondo\" \/>\n<meta property=\"og:url\" content=\"https:\/\/www.cy-laser.com\/it\/azienda\/\" \/>\n<meta property=\"og:site_name\" content=\"CY-Laser Sistemi Taglio Laser in Fibra Ottica\" \/>\n<meta property=\"article:modified_time\" content=\"2022-12-05T09:10:27+00:00\" \/>\n<meta property=\"og:image\" content=\"https:\/\/www.cy-laser.com\/wp-content\/uploads\/2020\/05\/cy_azienda_4.jpg\" \/>\n\t<meta property=\"og:image:width\" content=\"960\" \/>\n\t<meta property=\"og:image:height\" content=\"600\" \/>\n\t<meta property=\"og:image:type\" content=\"image\/jpeg\" \/>\n<meta name=\"twitter:card\" content=\"summary_large_image\" \/>\n<meta name=\"twitter:label1\" content=\"Tempo di lettura stimato\" \/>\n\t<meta name=\"twitter:data1\" content=\"11 minuti\" \/>\n<script type=\"application\/ld+json\" class=\"yoast-schema-graph\">{\"@context\":\"https:\/\/schema.org\",\"@graph\":[{\"@type\":\"WebPage\",\"@id\":\"https:\/\/www.cy-laser.com\/it\/azienda\/\",\"url\":\"https:\/\/www.cy-laser.com\/it\/azienda\/\",\"name\":\"Cy-laser produce sistemi di taglio laser a fibra ottica\",\"isPartOf\":{\"@id\":\"https:\/\/www.cy-laser.com\/en\/#website\"},\"primaryImageOfPage\":{\"@id\":\"https:\/\/www.cy-laser.com\/it\/azienda\/#primaryimage\"},\"image\":{\"@id\":\"https:\/\/www.cy-laser.com\/it\/azienda\/#primaryimage\"},\"thumbnailUrl\":\"https:\/\/www.cy-laser.com\/wp-content\/uploads\/2020\/05\/cy_azienda_4.jpg\",\"datePublished\":\"2019-02-12T09:51:42+00:00\",\"dateModified\":\"2022-12-05T09:10:27+00:00\",\"description\":\"Si deve a Cy-laser la rivoluzionaria scoperta della fibra ottica per il taglio dei metalli e la nascita del primo taglio laser fibra al mondo\",\"breadcrumb\":{\"@id\":\"https:\/\/www.cy-laser.com\/it\/azienda\/#breadcrumb\"},\"inLanguage\":\"it-IT\",\"potentialAction\":[{\"@type\":\"ReadAction\",\"target\":[\"https:\/\/www.cy-laser.com\/it\/azienda\/\"]}]},{\"@type\":\"ImageObject\",\"inLanguage\":\"it-IT\",\"@id\":\"https:\/\/www.cy-laser.com\/it\/azienda\/#primaryimage\",\"url\":\"https:\/\/www.cy-laser.com\/wp-content\/uploads\/2020\/05\/cy_azienda_4.jpg\",\"contentUrl\":\"https:\/\/www.cy-laser.com\/wp-content\/uploads\/2020\/05\/cy_azienda_4.jpg\",\"width\":960,\"height\":600,\"caption\":\"Cy-laser headquarter\"},{\"@type\":\"BreadcrumbList\",\"@id\":\"https:\/\/www.cy-laser.com\/it\/azienda\/#breadcrumb\",\"itemListElement\":[{\"@type\":\"ListItem\",\"position\":1,\"name\":\"Home\",\"item\":\"https:\/\/www.cy-laser.com\/it\/\"},{\"@type\":\"ListItem\",\"position\":2,\"name\":\"Azienda\"}]},{\"@type\":\"WebSite\",\"@id\":\"https:\/\/www.cy-laser.com\/en\/#website\",\"url\":\"https:\/\/www.cy-laser.com\/en\/\",\"name\":\"CY-Laser Sistemi Taglio Laser in Fibra Ottica\",\"description\":\"CY-Laser si occupa di Sistemi di Taglio Laser in Fibra Ottica per il taglio di metalli come ferro, ottone, acciao, acciao inox.\",\"potentialAction\":[{\"@type\":\"SearchAction\",\"target\":{\"@type\":\"EntryPoint\",\"urlTemplate\":\"https:\/\/www.cy-laser.com\/en\/?s={search_term_string}\"},\"query-input\":{\"@type\":\"PropertyValueSpecification\",\"valueRequired\":true,\"valueName\":\"search_term_string\"}}],\"inLanguage\":\"it-IT\"}]}<\/script>\n<!-- \/ Yoast SEO plugin. -->","yoast_head_json":{"title":"Cy-laser produce sistemi di taglio laser a fibra ottica","description":"Si deve a Cy-laser la rivoluzionaria scoperta della fibra ottica per il taglio dei metalli e la nascita del primo taglio laser fibra al mondo","robots":{"index":"index","follow":"follow","max-snippet":"max-snippet:-1","max-image-preview":"max-image-preview:large","max-video-preview":"max-video-preview:-1"},"canonical":"https:\/\/www.cy-laser.com\/it\/azienda\/","og_locale":"it_IT","og_type":"article","og_title":"Cy-laser produce sistemi di taglio laser a fibra ottica","og_description":"Si deve a Cy-laser la rivoluzionaria scoperta della fibra ottica per il taglio dei metalli e la nascita del primo taglio laser fibra al mondo","og_url":"https:\/\/www.cy-laser.com\/it\/azienda\/","og_site_name":"CY-Laser Sistemi Taglio Laser in Fibra Ottica","article_modified_time":"2022-12-05T09:10:27+00:00","og_image":[{"width":960,"height":600,"url":"https:\/\/www.cy-laser.com\/wp-content\/uploads\/2020\/05\/cy_azienda_4.jpg","type":"image\/jpeg"}],"twitter_card":"summary_large_image","twitter_misc":{"Tempo di lettura stimato":"11 minuti"},"schema":{"@context":"https:\/\/schema.org","@graph":[{"@type":"WebPage","@id":"https:\/\/www.cy-laser.com\/it\/azienda\/","url":"https:\/\/www.cy-laser.com\/it\/azienda\/","name":"Cy-laser produce sistemi di taglio laser a fibra ottica","isPartOf":{"@id":"https:\/\/www.cy-laser.com\/en\/#website"},"primaryImageOfPage":{"@id":"https:\/\/www.cy-laser.com\/it\/azienda\/#primaryimage"},"image":{"@id":"https:\/\/www.cy-laser.com\/it\/azienda\/#primaryimage"},"thumbnailUrl":"https:\/\/www.cy-laser.com\/wp-content\/uploads\/2020\/05\/cy_azienda_4.jpg","datePublished":"2019-02-12T09:51:42+00:00","dateModified":"2022-12-05T09:10:27+00:00","description":"Si deve a Cy-laser la rivoluzionaria scoperta della fibra ottica per il taglio dei metalli e la nascita del primo taglio laser fibra al mondo","breadcrumb":{"@id":"https:\/\/www.cy-laser.com\/it\/azienda\/#breadcrumb"},"inLanguage":"it-IT","potentialAction":[{"@type":"ReadAction","target":["https:\/\/www.cy-laser.com\/it\/azienda\/"]}]},{"@type":"ImageObject","inLanguage":"it-IT","@id":"https:\/\/www.cy-laser.com\/it\/azienda\/#primaryimage","url":"https:\/\/www.cy-laser.com\/wp-content\/uploads\/2020\/05\/cy_azienda_4.jpg","contentUrl":"https:\/\/www.cy-laser.com\/wp-content\/uploads\/2020\/05\/cy_azienda_4.jpg","width":960,"height":600,"caption":"Cy-laser headquarter"},{"@type":"BreadcrumbList","@id":"https:\/\/www.cy-laser.com\/it\/azienda\/#breadcrumb","itemListElement":[{"@type":"ListItem","position":1,"name":"Home","item":"https:\/\/www.cy-laser.com\/it\/"},{"@type":"ListItem","position":2,"name":"Azienda"}]},{"@type":"WebSite","@id":"https:\/\/www.cy-laser.com\/en\/#website","url":"https:\/\/www.cy-laser.com\/en\/","name":"CY-Laser Sistemi Taglio Laser in Fibra Ottica","description":"CY-Laser si occupa di Sistemi di Taglio Laser in Fibra Ottica per il taglio di metalli come ferro, ottone, acciao, acciao inox.","potentialAction":[{"@type":"SearchAction","target":{"@type":"EntryPoint","urlTemplate":"https:\/\/www.cy-laser.com\/en\/?s={search_term_string}"},"query-input":{"@type":"PropertyValueSpecification","valueRequired":true,"valueName":"search_term_string"}}],"inLanguage":"it-IT"}]}},"_links":{"self":[{"href":"https:\/\/www.cy-laser.com\/it\/wp-json\/wp\/v2\/pages\/21"}],"collection":[{"href":"https:\/\/www.cy-laser.com\/it\/wp-json\/wp\/v2\/pages"}],"about":[{"href":"https:\/\/www.cy-laser.com\/it\/wp-json\/wp\/v2\/types\/page"}],"author":[{"embeddable":true,"href":"https:\/\/www.cy-laser.com\/it\/wp-json\/wp\/v2\/users\/2"}],"replies":[{"embeddable":true,"href":"https:\/\/www.cy-laser.com\/it\/wp-json\/wp\/v2\/comments?post=21"}],"version-history":[{"count":41,"href":"https:\/\/www.cy-laser.com\/it\/wp-json\/wp\/v2\/pages\/21\/revisions"}],"predecessor-version":[{"id":13746,"href":"https:\/\/www.cy-laser.com\/it\/wp-json\/wp\/v2\/pages\/21\/revisions\/13746"}],"wp:featuredmedia":[{"embeddable":true,"href":"https:\/\/www.cy-laser.com\/it\/wp-json\/wp\/v2\/media\/6232"}],"wp:attachment":[{"href":"https:\/\/www.cy-laser.com\/it\/wp-json\/wp\/v2\/media?parent=21"}],"curies":[{"name":"wp","href":"https:\/\/api.w.org\/{rel}","templated":true}]}}